{"id":3085,"date":"2018-04-25T10:33:44","date_gmt":"2018-04-25T08:33:44","guid":{"rendered":"https:\/\/ricardobarojaeskola.educacion.navarra.es\/web\/?page_id=3085"},"modified":"2021-02-22T10:44:34","modified_gmt":"2021-02-22T09:44:34","slug":"galeria-de-fotos","status":"publish","type":"page","link":"https:\/\/ricardobarojaeskola.educacion.navarra.es\/web\/es\/galeria-de-fotos\/","title":{"rendered":"GALER\u00cdA DE FOTOS"},"content":{"rendered":"    <div data-options='{&quot;id&quot;:&quot;7342&quot;,&quot;lazy_load&quot;:&quot;no&quot;,&quot;masonry_enable&quot;:&quot;no&quot;,&quot;view_type&quot;:&quot;grid&quot;}' id=\"post-grid-7342\" class=\"post-grid grid\">\n    \n\n\n    <div class=\"grid-items\">\n      <div class=\"item item-14620 skin flat even 0 \">\n        <div class=\"layer-wrapper layout-9580\">\n          <div class=\"layer-media \"\r\n        id=\"\">\r\n        <div\r\n        class=\"element element_1  element-media \">\r\n        <img width=\"640\" height=\"427\" src=\"https:\/\/ricardobarojaeskola.educacion.navarra.es\/web\/wp-content\/uploads\/2026\/03\/Zuhaitz-landaketa_19-1024x683.jpg\" class=\"attachment-large size-large wp-post-image\" alt=\"\" loading=\"lazy\" \/>    <\/div>\r\n    <\/div>\r\n    <div class=\"layer-content element_3\"\r\n        id=\"\">\r\n        <div class=\"element element_4  title \">\r\n                    <a target=\"\"\r\n                href=\"https:\/\/ricardobarojaeskola.educacion.navarra.es\/web\/es\/blog\/2026\/03\/20\/plantacion-de-castanos\/\">PLANTACI\u00d3N DE CASTA\u00d1OS<\/a>\r\n            <\/div>\r\n    <div\r\n        class=\"element element_5  excerpt_read_more \">\r\n        El pasado 13 de marzo, siguiendo con la tradici\u00f3n de los \u00faltimos a\u00f1os, el alumnado y el profesorado de 5\u00ba        <a target=\"_blank\"\r\n            href=\"https:\/\/ricardobarojaeskola.educacion.navarra.es\/web\/es\/blog\/2026\/03\/20\/plantacion-de-castanos\/\"><\/a>\r\n    <\/div>\r\n    <\/div>\r\n    <\/div>\n  <\/div><div class=\"item item-14595 skin flat odd 1 \">\n        <div class=\"layer-wrapper layout-9580\">\n          <div class=\"layer-media \"\r\n        id=\"\">\r\n        <div\r\n        class=\"element element_1  element-media \">\r\n        <img width=\"640\" height=\"469\" src=\"https:\/\/ricardobarojaeskola.educacion.navarra.es\/web\/wp-content\/uploads\/2026\/03\/Captura-de-pantalla-2026-03-10-103604.png\" class=\"attachment-large size-large wp-post-image\" alt=\"\" loading=\"lazy\" \/>    <\/div>\r\n    <\/div>\r\n    <div class=\"layer-content element_3\"\r\n        id=\"\">\r\n        <div class=\"element element_4  title \">\r\n                    <a target=\"\"\r\n                href=\"https:\/\/ricardobarojaeskola.educacion.navarra.es\/web\/es\/blog\/2026\/03\/10\/en-el-izar-park\/\">EN EL IZAR PARK<\/a>\r\n            <\/div>\r\n    <div\r\n        class=\"element element_5  excerpt_read_more \">\r\n        El pasado 13 de febrero, el alumnado y profesorado de Primer Ciclo fuimos al parque Izar Park de Donostia. Pasamos        <a target=\"_blank\"\r\n            href=\"https:\/\/ricardobarojaeskola.educacion.navarra.es\/web\/es\/blog\/2026\/03\/10\/en-el-izar-park\/\"><\/a>\r\n    <\/div>\r\n    <\/div>\r\n    <\/div>\n  <\/div><div class=\"item item-14583 skin flat even 2 \">\n        <div class=\"layer-wrapper layout-9580\">\n          <div class=\"layer-media \"\r\n        id=\"\">\r\n        <div\r\n        class=\"element element_1  element-media \">\r\n        <img width=\"640\" height=\"480\" src=\"https:\/\/ricardobarojaeskola.educacion.navarra.es\/web\/wp-content\/uploads\/2026\/03\/F1CD47AA-1C4F-4DB9-B06B-B2EA7BDD309C-1024x768.jpg\" class=\"attachment-large size-large wp-post-image\" alt=\"\" loading=\"lazy\" \/>    <\/div>\r\n    <\/div>\r\n    <div class=\"layer-content element_3\"\r\n        id=\"\">\r\n        <div class=\"element element_4  title \">\r\n                    <a target=\"\"\r\n                href=\"https:\/\/ricardobarojaeskola.educacion.navarra.es\/web\/es\/blog\/2026\/03\/03\/zingar-arrautze\/\">ZINGAR-ARRAUTZE<\/a>\r\n            <\/div>\r\n    <div\r\n        class=\"element element_5  excerpt_read_more \">\r\n        Un a\u00f1o m\u00e1s, hemos salido a pedir \"Zingar-Arrautze\" desde el alumnado de 6\u00ba hasta el alumnado de 3\u00ba. Ha sido        <a target=\"_blank\"\r\n            href=\"https:\/\/ricardobarojaeskola.educacion.navarra.es\/web\/es\/blog\/2026\/03\/03\/zingar-arrautze\/\"><\/a>\r\n    <\/div>\r\n    <\/div>\r\n    <\/div>\n  <\/div><div class=\"item item-14570 skin flat odd 3 \">\n        <div class=\"layer-wrapper layout-9580\">\n          <div class=\"layer-media \"\r\n        id=\"\">\r\n        <div\r\n        class=\"element element_1  element-media \">\r\n        <img width=\"640\" height=\"459\" src=\"https:\/\/ricardobarojaeskola.educacion.navarra.es\/web\/wp-content\/uploads\/2026\/03\/kaiku-1024x735.jpeg\" class=\"attachment-large size-large wp-post-image\" alt=\"\" loading=\"lazy\" \/>    <\/div>\r\n    <\/div>\r\n    <div class=\"layer-content element_3\"\r\n        id=\"\">\r\n        <div class=\"element element_4  title \">\r\n                    <a target=\"\"\r\n                href=\"https:\/\/ricardobarojaeskola.educacion.navarra.es\/web\/es\/blog\/2026\/03\/03\/excursion-a-pamplona-2\/\">EXCURSI\u00d3N A PAMPLONA<\/a>\r\n            <\/div>\r\n    <div\r\n        class=\"element element_5  excerpt_read_more \">\r\n        El pasado viernes, 13 de febrero, el alumnado y el profesorado del 3\u00ba ciclo fuimos a Pamplona. Primero estuvimos en        <a target=\"_blank\"\r\n            href=\"https:\/\/ricardobarojaeskola.educacion.navarra.es\/web\/es\/blog\/2026\/03\/03\/excursion-a-pamplona-2\/\"><\/a>\r\n    <\/div>\r\n    <\/div>\r\n    <\/div>\n  <\/div><div class=\"item item-14558 skin flat even 4 \">\n        <div class=\"layer-wrapper layout-9580\">\n          <div class=\"layer-media \"\r\n        id=\"\">\r\n        <div\r\n        class=\"element element_1  element-media \">\r\n        <img width=\"640\" height=\"303\" src=\"https:\/\/ricardobarojaeskola.educacion.navarra.es\/web\/wp-content\/uploads\/2026\/03\/20260130_101908-1024x484.jpg\" class=\"attachment-large size-large wp-post-image\" alt=\"\" loading=\"lazy\" \/>    <\/div>\r\n    <\/div>\r\n    <div class=\"layer-content element_3\"\r\n        id=\"\">\r\n        <div class=\"element element_4  title \">\r\n                    <a target=\"\"\r\n                href=\"https:\/\/ricardobarojaeskola.educacion.navarra.es\/web\/es\/blog\/2026\/03\/03\/educacion-vial-4\/\">EDUCACI\u00d3N VIAL<\/a>\r\n            <\/div>\r\n    <div\r\n        class=\"element element_5  excerpt_read_more \">\r\n        El pasado viernes, 29 de enero, alumnos de 2\u00ba curso participaron en la actividad de educaci\u00f3n vial organizada por la        <a target=\"_blank\"\r\n            href=\"https:\/\/ricardobarojaeskola.educacion.navarra.es\/web\/es\/blog\/2026\/03\/03\/educacion-vial-4\/\"><\/a>\r\n    <\/div>\r\n    <\/div>\r\n    <\/div>\n  <\/div><div class=\"item item-14528 skin flat odd 5 \">\n        <div class=\"layer-wrapper layout-9580\">\n          <div class=\"layer-media \"\r\n        id=\"\">\r\n        <div\r\n        class=\"element element_1  element-media \">\r\n        <img width=\"640\" height=\"361\" src=\"https:\/\/ricardobarojaeskola.educacion.navarra.es\/web\/wp-content\/uploads\/2026\/02\/Captura-de-pantalla-2026-02-09-122149-1024x577.png\" class=\"attachment-large size-large wp-post-image\" alt=\"\" loading=\"lazy\" \/>    <\/div>\r\n    <\/div>\r\n    <div class=\"layer-content element_3\"\r\n        id=\"\">\r\n        <div class=\"element element_4  title \">\r\n                    <a target=\"\"\r\n                href=\"https:\/\/ricardobarojaeskola.educacion.navarra.es\/web\/es\/blog\/2026\/02\/09\/izaba\/\">IZABA<\/a>\r\n            <\/div>\r\n    <div\r\n        class=\"element element_5  excerpt_read_more \">\r\n        El alumnado de 6\u00ba, con la intenci\u00f3n de practicar esqu\u00ed n\u00f3rdico, fuimos a pasar una noche al albergue \"Paquita Bretos        <a target=\"_blank\"\r\n            href=\"https:\/\/ricardobarojaeskola.educacion.navarra.es\/web\/es\/blog\/2026\/02\/09\/izaba\/\"><\/a>\r\n    <\/div>\r\n    <\/div>\r\n    <\/div>\n  <\/div><div class=\"item item-14463 skin flat even 6 \">\n        <div class=\"layer-wrapper layout-9580\">\n          <div class=\"layer-media \"\r\n        id=\"\">\r\n        <div\r\n        class=\"element element_1  element-media \">\r\n        <img width=\"640\" height=\"406\" src=\"https:\/\/ricardobarojaeskola.educacion.navarra.es\/web\/wp-content\/uploads\/2026\/02\/irrisarri-1024x649.jpg\" class=\"attachment-large size-large wp-post-image\" alt=\"\" loading=\"lazy\" \/>    <\/div>\r\n    <\/div>\r\n    <div class=\"layer-content element_3\"\r\n        id=\"\">\r\n        <div class=\"element element_4  title \">\r\n                    <a target=\"\"\r\n                href=\"https:\/\/ricardobarojaeskola.educacion.navarra.es\/web\/es\/blog\/2026\/02\/02\/irrisarri\/\">IRRISARRI<\/a>\r\n            <\/div>\r\n    <div\r\n        class=\"element element_5  excerpt_read_more \">\r\n        Este curso fuimos a la acampada antes de lo habitual. El 16 de diciembre todas las escuelas de Bortziri nos        <a target=\"_blank\"\r\n            href=\"https:\/\/ricardobarojaeskola.educacion.navarra.es\/web\/es\/blog\/2026\/02\/02\/irrisarri\/\"><\/a>\r\n    <\/div>\r\n    <\/div>\r\n    <\/div>\n  <\/div><div class=\"item item-14431 skin flat odd 7 \">\n        <div class=\"layer-wrapper layout-9580\">\n          <div class=\"layer-media \"\r\n        id=\"\">\r\n        <div\r\n        class=\"element element_1  element-media \">\r\n        <img width=\"640\" height=\"483\" src=\"https:\/\/ricardobarojaeskola.educacion.navarra.es\/web\/wp-content\/uploads\/2026\/01\/santelmo.jpg\" class=\"attachment-large size-large wp-post-image\" alt=\"\" loading=\"lazy\" \/>    <\/div>\r\n    <\/div>\r\n    <div class=\"layer-content element_3\"\r\n        id=\"\">\r\n        <div class=\"element element_4  title \">\r\n                    <a target=\"\"\r\n                href=\"https:\/\/ricardobarojaeskola.educacion.navarra.es\/web\/es\/blog\/2026\/01\/23\/visita-al-museo-san-telmo\/\">VISITA AL MUSEO SAN TELMO<\/a>\r\n            <\/div>\r\n    <div\r\n        class=\"element element_5  excerpt_read_more \">\r\n        El pasado 18 de diciembre alumnado y profesorado de Primer Ciclo visitamos el museo San Telmo de Donostia. All\u00ed contemplamos        <a target=\"_blank\"\r\n            href=\"https:\/\/ricardobarojaeskola.educacion.navarra.es\/web\/es\/blog\/2026\/01\/23\/visita-al-museo-san-telmo\/\"><\/a>\r\n    <\/div>\r\n    <\/div>\r\n    <\/div>\n  <\/div><div class=\"item item-14419 skin flat even 8 \">\n        <div class=\"layer-wrapper layout-9580\">\n          <div class=\"layer-media \"\r\n        id=\"\">\r\n        <div\r\n        class=\"element element_1  element-media \">\r\n        <img width=\"640\" height=\"439\" src=\"https:\/\/ricardobarojaeskola.educacion.navarra.es\/web\/wp-content\/uploads\/2026\/01\/rosa-new-1024x702.jpg\" class=\"attachment-large size-large wp-post-image\" alt=\"\" loading=\"lazy\" \/>    <\/div>\r\n    <\/div>\r\n    <div class=\"layer-content element_3\"\r\n        id=\"\">\r\n        <div class=\"element element_4  title \">\r\n                    <a target=\"\"\r\n                href=\"https:\/\/ricardobarojaeskola.educacion.navarra.es\/web\/es\/blog\/2026\/01\/23\/milesker\/\">MILESKER!!!!!<\/a>\r\n            <\/div>\r\n    <div\r\n        class=\"element element_5  excerpt_read_more \">\r\n        La trayectoria de Rosa en nuestra escuela se parece a uno de esos libros gordos, de esos libros s\u00f3lidos que        <a target=\"_blank\"\r\n            href=\"https:\/\/ricardobarojaeskola.educacion.navarra.es\/web\/es\/blog\/2026\/01\/23\/milesker\/\"><\/a>\r\n    <\/div>\r\n    <\/div>\r\n    <\/div>\n  <\/div><div class=\"item item-14405 skin flat odd 9 \">\n        <div class=\"layer-wrapper layout-9580\">\n          <div class=\"layer-media \"\r\n        id=\"\">\r\n        <div\r\n        class=\"element element_1  element-media \">\r\n        <img width=\"640\" height=\"427\" src=\"https:\/\/ricardobarojaeskola.educacion.navarra.es\/web\/wp-content\/uploads\/2026\/01\/eguberriak-1024x683.jpg\" class=\"attachment-large size-large wp-post-image\" alt=\"\" loading=\"lazy\" \/>    <\/div>\r\n    <\/div>\r\n    <div class=\"layer-content element_3\"\r\n        id=\"\">\r\n        <div class=\"element element_4  title \">\r\n                    <a target=\"\"\r\n                href=\"https:\/\/ricardobarojaeskola.educacion.navarra.es\/web\/es\/blog\/2026\/01\/23\/2025-eguberriak\/\">2025 EGUBERRIAK<\/a>\r\n            <\/div>\r\n    <div\r\n        class=\"element element_5  excerpt_read_more \">\r\n        Para despedir el a\u00f1o 2025 recibimos la visita de Olentzero y Mari Domingi. Les cantamos varias canciones y nos repartieron        <a target=\"_blank\"\r\n            href=\"https:\/\/ricardobarojaeskola.educacion.navarra.es\/web\/es\/blog\/2026\/01\/23\/2025-eguberriak\/\"><\/a>\r\n    <\/div>\r\n    <\/div>\r\n    <\/div>\n  <\/div>    <\/div>\n    <div class=\"pagination\">\n      <div class=\"paginate\">\n    <span class=\"page-numbers current\">1<\/span>\n<a class=\"page-numbers\" href=\"https:\/\/ricardobarojaeskola.educacion.navarra.es\/web\/es\/wp-json\/wp\/v2\/pages\/3085\/page\/2\/\">2<\/a>\n<a class=\"page-numbers\" href=\"https:\/\/ricardobarojaeskola.educacion.navarra.es\/web\/es\/wp-json\/wp\/v2\/pages\/3085\/page\/3\/\">3<\/a>\n<span class=\"page-numbers dots\">&hellip;<\/span>\n<a class=\"page-numbers\" href=\"https:\/\/ricardobarojaeskola.educacion.navarra.es\/web\/es\/wp-json\/wp\/v2\/pages\/3085\/page\/23\/\">23<\/a>\n<a class=\"next page-numbers\" href=\"https:\/\/ricardobarojaeskola.educacion.navarra.es\/web\/es\/wp-json\/wp\/v2\/pages\/3085\/page\/2\/\">Siguiente \u00bb<\/a>  <\/div>\n  <style type=\"text\/css\">\n    #post-grid-7342 .pagination .page-numbers {\n      font-size: 16px;\n      color: #fff;\n      background: #646464;\n    }\n\n    #post-grid-7342 .pagination .page-numbers:hover,\n    #post-grid-7342 .pagination .page-numbers.current {\n      background: #4b4b4b;\n    }\n  <\/style>\n  <\/div>\n        <style type=\"text\/css\">\r\n            .layout-9580 .element_0 {\r\n                            }\r\n\r\n                    <\/style>\r\n        <style type=\"text\/css\">\r\n        .layout-9580 .element_1 {\r\n            overflow: hidden;\r\n                    }\r\n\r\n        .layout-9580 .element_1 img {\r\n            max-width: 100%;\r\n            height: auto;\r\n        }\r\n\r\n        @media only screen and (min-width: 1024px) {\r\n            .layout-9580 .element_1 {\r\n                height: auto;\r\n                            }\r\n        }\r\n\r\n        @media only screen and (min-width: 768px) and (max-width: 1023px) {\r\n            .layout-9580 .element_1 {\r\n                height: auto;\r\n                            }\r\n        }\r\n\r\n        @media only screen and (min-width: 0px) and (max-width: 767px) {\r\n            .layout-9580 .element_1 {\r\n                height: auto;\r\n                            }\r\n        }\r\n    <\/style>\r\n        <style type=\"text\/css\">\r\n            .layout-9580 .element_3 {\r\n                            }\r\n\r\n                    <\/style>\r\n        <style type=\"text\/css\">\r\n        .layout-9580 .element_4 {\r\n            display: block;font-size: 21px;line-height: normal;padding: 5px 10px;text-align: left;        }\r\n\r\n        .layout-9580 .element_4 a {\r\n            display: block;font-size: 21px;line-height: normal;padding: 5px 10px;text-align: left;        }\r\n    <\/style>\r\n    <style type=\"text\/css\">\r\n        .layout-9580 .element_5 {\r\n            font-size:12px;display:block;padding:10px;        }\r\n\r\n        .layout-9580 .element_5 a {\r\n                    }\r\n    <\/style>\r\n        <style type=\"text\/css\">\n      .layout-9580 a{text-decoration:none}\r\n.layout-9580 {\r\n  vertical-align: top;\r\n}\r\n.layout-9580 .layer-media{}\r\n.layout-9580 .layer-content {\r\n}    <\/style>\n    <script>\n          <\/script>\n    <style type=\"text\/css\">\n    #post-grid-7342 {\n      padding: 10px;\n      background-color: #fff;\n          }\n\n    #post-grid-7342 .item {\n      padding: 0px;\n      background: #fff;\n          }\n\n    #post-grid-7342 .item .layer-media {\n      height:auto;    }\n\n    @media only screen and (min-width: 0px) and (max-width: 767px) {\n      #post-grid-7342 .grid-items {\n        text-align: center;\n              }\n\n      #post-grid-7342 .item {\n        width: 90%;\n        margin: 10px;\n        display: inline-block;\n        vertical-align: top;\n        height:auto;      }\n    }\n\n    @media only screen and (min-width: 768px) and (max-width: 1023px) {\n      #post-grid-7342 .grid-items {\n        text-align: center;\n              }\n\n      #post-grid-7342 .item {\n        width: 280px;\n        margin: 10px;\n        display: inline-block;\n        vertical-align: top;\n        max-height:auto;      }\n    }\n\n    @media only screen and (min-width: 1024px) {\n      #post-grid-7342 .grid-items {\n        text-align: center;\n              }\n\n      #post-grid-7342 .item {\n        width: 280px;\n        display: inline-block;\n        margin: 10px;\n        vertical-align: top;\n        height:auto;      }\n    }\n\n      <\/style>\n  <\/div>\n\n","protected":false},"excerpt":{"rendered":"","protected":false},"author":1,"featured_media":0,"parent":0,"menu_order":0,"comment_status":"closed","ping_status":"closed","template":"","meta":[],"_links":{"self":[{"href":"https:\/\/ricardobarojaeskola.educacion.navarra.es\/web\/es\/wp-json\/wp\/v2\/pages\/3085"}],"collection":[{"href":"https:\/\/ricardobarojaeskola.educacion.navarra.es\/web\/es\/wp-json\/wp\/v2\/pages"}],"about":[{"href":"https:\/\/ricardobarojaeskola.educacion.navarra.es\/web\/es\/wp-json\/wp\/v2\/types\/page"}],"author":[{"embeddable":true,"href":"https:\/\/ricardobarojaeskola.educacion.navarra.es\/web\/es\/wp-json\/wp\/v2\/users\/1"}],"replies":[{"embeddable":true,"href":"https:\/\/ricardobarojaeskola.educacion.navarra.es\/web\/es\/wp-json\/wp\/v2\/comments?post=3085"}],"version-history":[{"count":3,"href":"https:\/\/ricardobarojaeskola.educacion.navarra.es\/web\/es\/wp-json\/wp\/v2\/pages\/3085\/revisions"}],"predecessor-version":[{"id":7511,"href":"https:\/\/ricardobarojaeskola.educacion.navarra.es\/web\/es\/wp-json\/wp\/v2\/pages\/3085\/revisions\/7511"}],"wp:attachment":[{"href":"https:\/\/ricardobarojaeskola.educacion.navarra.es\/web\/es\/wp-json\/wp\/v2\/media?parent=3085"}],"curies":[{"name":"wp","href":"https:\/\/api.w.org\/{rel}","templated":true}]}}